{"id":534,"date":"2021-11-26T22:43:31","date_gmt":"2021-11-26T19:43:31","guid":{"rendered":"http:\/\/auraparis2021.pastelle.fr\/?post_type=locations&#038;p=534"},"modified":"2025-03-05T16:23:55","modified_gmt":"2025-03-05T15:23:55","slug":"verrieres-le-buisson","status":"publish","type":"locations","link":"https:\/\/auraparis.org\/fr\/locations\/verrieres-le-buisson\/","title":{"rendered":"L&rsquo;AURA Paris &#8211; SERVICES TECHNIQUES, LOGISTIQUES ET PHARMACIE CENTRALE"},"content":{"rendered":"<p>[vc_row][vc_column][vc_column_text el_class=\u00a0\u00bbkey-content\u00a0\u00bb]<\/p>\n<p class=\"p1\"><strong>Dans la r\u00e9gion \u00cele-de-France, l\u2019association AURA PARIS dispose d\u2019un entrep\u00f4t principal situ\u00e9 dans le d\u00e9partement de l\u2019Essonne (91) \u00e0 Verri\u00e8res-le-Buisson avec un espace de stockage d\u2019environ 1500 m<sup>2<\/sup> pour g\u00e9rer toutes ses activit\u00e9s\u00a0:<\/strong><\/p>\n<ul>\n<li class=\"p1\">Pr\u00e9paration des commandes patients h\u00e9modialys\u00e9s \u00e0 domicile<\/li>\n<li class=\"p1\">Pr\u00e9paration des commandes patients en dialyse p\u00e9riton\u00e9ale \u00e0 domicile<\/li>\n<li class=\"p1\">Pr\u00e9paration des commandes patients pour leur s\u00e9jour vacances<\/li>\n<li class=\"p1\">Pr\u00e9paration des commandes pour toutes nos unit\u00e9s d\u2019auto-dialyse<\/li>\n<li class=\"p1\">Pr\u00e9paration des commandes pour nos centres de formation<\/li>\n<\/ul>\n<p>[\/vc_column_text][\/vc_column][\/vc_row][vc_row][vc_column width=\u00a0\u00bb1\/2&Prime;][vc_gmaps link=\u00a0\u00bb#E-8_JTNDaWZyYW1lJTIwc3JjJTNEJTIyaHR0cHMlM0ElMkYlMkZ3d3cuZ29vZ2xlLmNvbSUyRm1hcHMlMkZlbWJlZCUzRnBiJTNEJTIxMW0xNCUyMTFtOCUyMTFtMyUyMTFkNTI2MS4yODQyMTQ3MDEyNjglMjEyZDIuMjc5ODAxJTIxM2Q0OC43NTA1MzMlMjEzbTIlMjExaTEwMjQlMjEyaTc2OCUyMTRmMTMuMSUyMTNtMyUyMTFtMiUyMTFzMHg0N2U2Nzc2ZjYwM2NmMmJiJTI1M0EweGQxMGMyOWI1ODIxYjA3NiUyMTJzMSUyNTIwSW1wLiUyNTIwTm9pc2V0dGUlMjUyQyUyNTIwOTEzNzAlMjUyMFZlcnJpJTI1QzMlMjVBOHJlcy1sZS1CdWlzc29uJTI1MkMlMjUyMEZyYW5jZSUyMTVlMCUyMTNtMiUyMTFzZnIlMjEycyUyMTR2MTY2OTE5NjQxMjk5MyUyMTVtMiUyMTFzZnIlMjEycyUyMiUyMHdpZHRoJTNEJTIyNjAwJTIyJTIwaGVpZ2h0JTNEJTIyNDUwJTIyJTIwc3R5bGUlM0QlMjJib3JkZXIlM0EwJTNCJTIyJTIwYWxsb3dmdWxsc2NyZWVuJTNEJTIyJTIyJTIwbG9hZGluZyUzRCUyMmxhenklMjIlMjByZWZlcnJlcnBvbGljeSUzRCUyMm5vLXJlZmVycmVyLXdoZW4tZG93bmdyYWRlJTIyJTNFJTNDJTJGaWZyYW1lJTNF\u00a0\u00bb size=\u00a0\u00bb\u00a0\u00bb css=\u00a0\u00bb.vc_custom_1669196424280{margin-right: 5% !important;}\u00a0\u00bb][vc_column_text el_class=\u00a0\u00bblocation-address-item-sub-title\u00a0\u00bb]<div class=\"location-address-data\">\n        <div class=\"location-address-item-sub-title\" style=\"height: auto;margin-bottom: 20px;\"><p>1 impasse de la Noisette<br \/>\n91370 VERRI\u00c8RES-LE-BUISSON\n<br> Fax: 01.81.87.08.17<\/p><\/div>\n        <div class=\"location-address-item-phone\">01.81.87.08.00<\/div>\n<div class=\"location-address-item-email\"><a href=\"mailto:contact@auraparis.org\">contact@auraparis.org<\/a><\/div>\n    <\/div>[\/vc_column_text][\/vc_column][vc_column width=\u00a0\u00bb1\/2&Prime;][vc_tta_tabs active_section=\u00a0\u00bb1&Prime; el_class=\u00a0\u00bblocation-tab-list-block\u00a0\u00bb][vc_tta_section title=\u00a0\u00bbHORAIRES\u00a0\u00bb tab_id=\u00a0\u00bb1638036768105-f2f961d2-f31f\u00a0\u00bb][vc_column_text]Du lundi au vendredi de 8h30 \u00e0 16h30[\/vc_column_text][\/vc_tta_section][vc_tta_section title=\u00a0\u00bb\u00c9QUIPES\u00a0\u00bb tab_id=\u00a0\u00bb1638036768117-e2c558ad-e648&Prime;][vc_column_text]<span style=\"color: #f08000;\"><strong>\u00c9quipe logistique :<\/strong><\/span><\/p>\n<p class=\"p1\">&#8211; 1 Responsable logistique<\/p>\n<p class=\"p1\">&#8211; 3 Responsables de Magasin r\u00e9partis sur 3 sites (Aura Paris Plaisance, Saint-Ouen et Verri\u00e8res le Buisson)<\/p>\n<p class=\"p1\">&#8211; 15 collaborateurs pour les pr\u00e9parations de commandes<\/p>\n<p class=\"p1\">&#8211; 5 collaborateurs pour la livraison \u00e0 domicile des patients et des onze structures de soins<\/p>\n<p class=\"p1\">&#8211; 1 Responsable du p\u00f4le domicile et son \u00e9quipe de 3 collaborateurs pour la gestion des bons de commandes patients<\/p>\n<p>[\/vc_column_text][\/vc_tta_section][vc_tta_section title=\u00a0\u00bbACC\u00c8S\u00a0\u00bb tab_id=\u00a0\u00bb1638036823226-3a8aeb64-8f13&Prime; el_class=\u00a0\u00bblocation-tab-list-block-content\u00a0\u00bb][vc_column_text]<span style=\"color: #f08000;\"><strong>Adresse <\/strong><\/span><\/p>\n<p>1-4 Impasse de la Noisette<\/p>\n<p>Z.A Les Godets<\/p>\n<p>Bat. A Quai 5<\/p>\n<p>91370 VERRI\u00c8RES LE BUISSON[\/vc_column_text][\/vc_tta_section][\/vc_tta_tabs][\/vc_column][\/vc_row]<\/p>\n","protected":false},"excerpt":{"rendered":"<p>[vc_row][vc_column][vc_column_text el_class=\u00a0\u00bbkey-content\u00a0\u00bb] Dans la r\u00e9gion \u00cele-de-France, l\u2019association AURA PARIS dispose d\u2019un entrep\u00f4t principal situ\u00e9 dans le d\u00e9partement de l\u2019Essonne (91) \u00e0 Verri\u00e8res-le-Buisson avec un espace de stockage d\u2019environ 1500 m2 pour g\u00e9rer toutes ses activit\u00e9s\u00a0: Pr\u00e9paration des commandes patients h\u00e9modialys\u00e9s \u00e0 domicile Pr\u00e9paration des commandes patients en dialyse p\u00e9riton\u00e9ale \u00e0 domicile Pr\u00e9paration des commandes patients &hellip; <\/p>\n<p class=\"link-more\"><a href=\"https:\/\/auraparis.org\/fr\/locations\/verrieres-le-buisson\/\" class=\"more-link\">Continuer la lecture <span class=\"screen-reader-text\"> \u00ab\u00a0L&rsquo;AURA Paris &#8211; SERVICES TECHNIQUES, LOGISTIQUES ET PHARMACIE CENTRALE\u00a0\u00bb<\/span><\/a><\/p>\n","protected":false},"author":5,"featured_media":1579,"template":"","meta":{"_acf_changed":false,"footnotes":""},"location_category":[10],"class_list":["post-534","locations","type-locations","status-publish","has-post-thumbnail","hentry","location_category-sites-support","entry"],"acf":[],"yoast_head":"<!-- This site is optimized with the Yoast SEO plugin v27.4 - https:\/\/yoast.com\/product\/yoast-seo-wordpress\/ -->\n<title>L&#039;AURA Paris - SERVICES TECHNIQUES, LOGISTIQUES ET PHARMACIE CENTRALE - L&#039;AURA Paris<\/title>\n<meta name=\"robots\" content=\"index, follow, max-snippet:-1, max-image-preview:large, max-video-preview:-1\" \/>\n<link rel=\"canonical\" href=\"https:\/\/auraparis.org\/fr\/locations\/verrieres-le-buisson\/\" \/>\n<meta property=\"og:locale\" content=\"fr_FR\" \/>\n<meta property=\"og:type\" content=\"article\" \/>\n<meta property=\"og:title\" content=\"L&#039;AURA Paris - SERVICES TECHNIQUES, LOGISTIQUES ET PHARMACIE CENTRALE - L&#039;AURA Paris\" \/>\n<meta property=\"og:description\" content=\"[vc_row][vc_column][vc_column_text el_class=\u00a0\u00bbkey-content\u00a0\u00bb] Dans la r\u00e9gion \u00cele-de-France, l\u2019association AURA PARIS dispose d\u2019un entrep\u00f4t principal situ\u00e9 dans le d\u00e9partement de l\u2019Essonne (91) \u00e0 Verri\u00e8res-le-Buisson avec un espace de stockage d\u2019environ 1500 m2 pour g\u00e9rer toutes ses activit\u00e9s\u00a0: Pr\u00e9paration des commandes patients h\u00e9modialys\u00e9s \u00e0 domicile Pr\u00e9paration des commandes patients en dialyse p\u00e9riton\u00e9ale \u00e0 domicile Pr\u00e9paration des commandes patients &hellip; Continuer la lecture \u00ab\u00a0L&rsquo;AURA Paris &#8211; SERVICES TECHNIQUES, LOGISTIQUES ET PHARMACIE CENTRALE\u00a0\u00bb\" \/>\n<meta property=\"og:url\" content=\"https:\/\/auraparis.org\/fr\/locations\/verrieres-le-buisson\/\" \/>\n<meta property=\"og:site_name\" content=\"L&#039;AURA Paris\" \/>\n<meta property=\"article:modified_time\" content=\"2025-03-05T15:23:55+00:00\" \/>\n<meta property=\"og:image\" content=\"https:\/\/auraparis.org\/wp-content\/uploads\/2021\/11\/Verrieres-logistique.jpg\" \/>\n\t<meta property=\"og:image:width\" content=\"850\" \/>\n\t<meta property=\"og:image:height\" content=\"638\" \/>\n\t<meta property=\"og:image:type\" content=\"image\/jpeg\" \/>\n<meta name=\"twitter:card\" content=\"summary_large_image\" \/>\n<meta name=\"twitter:label1\" content=\"Dur\u00e9e de lecture estim\u00e9e\" \/>\n\t<meta name=\"twitter:data1\" content=\"1 minute\" \/>\n<script type=\"application\/ld+json\" class=\"yoast-schema-graph\">{\"@context\":\"https:\\\/\\\/schema.org\",\"@graph\":[{\"@type\":\"WebPage\",\"@id\":\"https:\\\/\\\/auraparis.org\\\/fr\\\/locations\\\/verrieres-le-buisson\\\/\",\"url\":\"https:\\\/\\\/auraparis.org\\\/fr\\\/locations\\\/verrieres-le-buisson\\\/\",\"name\":\"L'AURA Paris - SERVICES TECHNIQUES, LOGISTIQUES ET PHARMACIE CENTRALE - L&#039;AURA Paris\",\"isPartOf\":{\"@id\":\"https:\\\/\\\/auraparis.org\\\/#website\"},\"primaryImageOfPage\":{\"@id\":\"https:\\\/\\\/auraparis.org\\\/fr\\\/locations\\\/verrieres-le-buisson\\\/#primaryimage\"},\"image\":{\"@id\":\"https:\\\/\\\/auraparis.org\\\/fr\\\/locations\\\/verrieres-le-buisson\\\/#primaryimage\"},\"thumbnailUrl\":\"https:\\\/\\\/auraparis.org\\\/wp-content\\\/uploads\\\/2021\\\/11\\\/Verrieres-logistique.jpg\",\"datePublished\":\"2021-11-26T19:43:31+00:00\",\"dateModified\":\"2025-03-05T15:23:55+00:00\",\"breadcrumb\":{\"@id\":\"https:\\\/\\\/auraparis.org\\\/fr\\\/locations\\\/verrieres-le-buisson\\\/#breadcrumb\"},\"inLanguage\":\"fr-FR\",\"potentialAction\":[{\"@type\":\"ReadAction\",\"target\":[\"https:\\\/\\\/auraparis.org\\\/fr\\\/locations\\\/verrieres-le-buisson\\\/\"]}]},{\"@type\":\"ImageObject\",\"inLanguage\":\"fr-FR\",\"@id\":\"https:\\\/\\\/auraparis.org\\\/fr\\\/locations\\\/verrieres-le-buisson\\\/#primaryimage\",\"url\":\"https:\\\/\\\/auraparis.org\\\/wp-content\\\/uploads\\\/2021\\\/11\\\/Verrieres-logistique.jpg\",\"contentUrl\":\"https:\\\/\\\/auraparis.org\\\/wp-content\\\/uploads\\\/2021\\\/11\\\/Verrieres-logistique.jpg\",\"width\":850,\"height\":638},{\"@type\":\"BreadcrumbList\",\"@id\":\"https:\\\/\\\/auraparis.org\\\/fr\\\/locations\\\/verrieres-le-buisson\\\/#breadcrumb\",\"itemListElement\":[{\"@type\":\"ListItem\",\"position\":1,\"name\":\"Accueil\",\"item\":\"https:\\\/\\\/auraparis.org\\\/fr\\\/\"},{\"@type\":\"ListItem\",\"position\":2,\"name\":\"Location\",\"item\":\"https:\\\/\\\/auraparis.org\\\/fr\\\/locations\\\/\"},{\"@type\":\"ListItem\",\"position\":3,\"name\":\"L&rsquo;AURA Paris &#8211; SERVICES TECHNIQUES, LOGISTIQUES ET PHARMACIE CENTRALE\"}]},{\"@type\":\"WebSite\",\"@id\":\"https:\\\/\\\/auraparis.org\\\/#website\",\"url\":\"https:\\\/\\\/auraparis.org\\\/\",\"name\":\"L&#039;AURA Paris\",\"description\":\"\",\"publisher\":{\"@id\":\"https:\\\/\\\/auraparis.org\\\/#organization\"},\"potentialAction\":[{\"@type\":\"SearchAction\",\"target\":{\"@type\":\"EntryPoint\",\"urlTemplate\":\"https:\\\/\\\/auraparis.org\\\/?s={search_term_string}\"},\"query-input\":{\"@type\":\"PropertyValueSpecification\",\"valueRequired\":true,\"valueName\":\"search_term_string\"}}],\"inLanguage\":\"fr-FR\"},{\"@type\":\"Organization\",\"@id\":\"https:\\\/\\\/auraparis.org\\\/#organization\",\"name\":\"L&#039;AURA Paris\",\"url\":\"https:\\\/\\\/auraparis.org\\\/\",\"logo\":{\"@type\":\"ImageObject\",\"inLanguage\":\"fr-FR\",\"@id\":\"https:\\\/\\\/auraparis.org\\\/#\\\/schema\\\/logo\\\/image\\\/\",\"url\":\"https:\\\/\\\/auraparis.org\\\/wp-content\\\/uploads\\\/2026\\\/02\\\/cropped-favicon-dore.jpg\",\"contentUrl\":\"https:\\\/\\\/auraparis.org\\\/wp-content\\\/uploads\\\/2026\\\/02\\\/cropped-favicon-dore.jpg\",\"width\":190,\"height\":190,\"caption\":\"L&#039;AURA Paris\"},\"image\":{\"@id\":\"https:\\\/\\\/auraparis.org\\\/#\\\/schema\\\/logo\\\/image\\\/\"}}]}<\/script>\n<!-- \/ Yoast SEO plugin. -->","yoast_head_json":{"title":"L'AURA Paris - SERVICES TECHNIQUES, LOGISTIQUES ET PHARMACIE CENTRALE - L&#039;AURA Paris","robots":{"index":"index","follow":"follow","max-snippet":"max-snippet:-1","max-image-preview":"max-image-preview:large","max-video-preview":"max-video-preview:-1"},"canonical":"https:\/\/auraparis.org\/fr\/locations\/verrieres-le-buisson\/","og_locale":"fr_FR","og_type":"article","og_title":"L'AURA Paris - SERVICES TECHNIQUES, LOGISTIQUES ET PHARMACIE CENTRALE - L&#039;AURA Paris","og_description":"[vc_row][vc_column][vc_column_text el_class=\u00a0\u00bbkey-content\u00a0\u00bb] Dans la r\u00e9gion \u00cele-de-France, l\u2019association AURA PARIS dispose d\u2019un entrep\u00f4t principal situ\u00e9 dans le d\u00e9partement de l\u2019Essonne (91) \u00e0 Verri\u00e8res-le-Buisson avec un espace de stockage d\u2019environ 1500 m2 pour g\u00e9rer toutes ses activit\u00e9s\u00a0: Pr\u00e9paration des commandes patients h\u00e9modialys\u00e9s \u00e0 domicile Pr\u00e9paration des commandes patients en dialyse p\u00e9riton\u00e9ale \u00e0 domicile Pr\u00e9paration des commandes patients &hellip; Continuer la lecture \u00ab\u00a0L&rsquo;AURA Paris &#8211; SERVICES TECHNIQUES, LOGISTIQUES ET PHARMACIE CENTRALE\u00a0\u00bb","og_url":"https:\/\/auraparis.org\/fr\/locations\/verrieres-le-buisson\/","og_site_name":"L&#039;AURA Paris","article_modified_time":"2025-03-05T15:23:55+00:00","og_image":[{"width":850,"height":638,"url":"https:\/\/auraparis.org\/wp-content\/uploads\/2021\/11\/Verrieres-logistique.jpg","type":"image\/jpeg"}],"twitter_card":"summary_large_image","twitter_misc":{"Dur\u00e9e de lecture estim\u00e9e":"1 minute"},"schema":{"@context":"https:\/\/schema.org","@graph":[{"@type":"WebPage","@id":"https:\/\/auraparis.org\/fr\/locations\/verrieres-le-buisson\/","url":"https:\/\/auraparis.org\/fr\/locations\/verrieres-le-buisson\/","name":"L'AURA Paris - SERVICES TECHNIQUES, LOGISTIQUES ET PHARMACIE CENTRALE - L&#039;AURA Paris","isPartOf":{"@id":"https:\/\/auraparis.org\/#website"},"primaryImageOfPage":{"@id":"https:\/\/auraparis.org\/fr\/locations\/verrieres-le-buisson\/#primaryimage"},"image":{"@id":"https:\/\/auraparis.org\/fr\/locations\/verrieres-le-buisson\/#primaryimage"},"thumbnailUrl":"https:\/\/auraparis.org\/wp-content\/uploads\/2021\/11\/Verrieres-logistique.jpg","datePublished":"2021-11-26T19:43:31+00:00","dateModified":"2025-03-05T15:23:55+00:00","breadcrumb":{"@id":"https:\/\/auraparis.org\/fr\/locations\/verrieres-le-buisson\/#breadcrumb"},"inLanguage":"fr-FR","potentialAction":[{"@type":"ReadAction","target":["https:\/\/auraparis.org\/fr\/locations\/verrieres-le-buisson\/"]}]},{"@type":"ImageObject","inLanguage":"fr-FR","@id":"https:\/\/auraparis.org\/fr\/locations\/verrieres-le-buisson\/#primaryimage","url":"https:\/\/auraparis.org\/wp-content\/uploads\/2021\/11\/Verrieres-logistique.jpg","contentUrl":"https:\/\/auraparis.org\/wp-content\/uploads\/2021\/11\/Verrieres-logistique.jpg","width":850,"height":638},{"@type":"BreadcrumbList","@id":"https:\/\/auraparis.org\/fr\/locations\/verrieres-le-buisson\/#breadcrumb","itemListElement":[{"@type":"ListItem","position":1,"name":"Accueil","item":"https:\/\/auraparis.org\/fr\/"},{"@type":"ListItem","position":2,"name":"Location","item":"https:\/\/auraparis.org\/fr\/locations\/"},{"@type":"ListItem","position":3,"name":"L&rsquo;AURA Paris &#8211; SERVICES TECHNIQUES, LOGISTIQUES ET PHARMACIE CENTRALE"}]},{"@type":"WebSite","@id":"https:\/\/auraparis.org\/#website","url":"https:\/\/auraparis.org\/","name":"L&#039;AURA Paris","description":"","publisher":{"@id":"https:\/\/auraparis.org\/#organization"},"potentialAction":[{"@type":"SearchAction","target":{"@type":"EntryPoint","urlTemplate":"https:\/\/auraparis.org\/?s={search_term_string}"},"query-input":{"@type":"PropertyValueSpecification","valueRequired":true,"valueName":"search_term_string"}}],"inLanguage":"fr-FR"},{"@type":"Organization","@id":"https:\/\/auraparis.org\/#organization","name":"L&#039;AURA Paris","url":"https:\/\/auraparis.org\/","logo":{"@type":"ImageObject","inLanguage":"fr-FR","@id":"https:\/\/auraparis.org\/#\/schema\/logo\/image\/","url":"https:\/\/auraparis.org\/wp-content\/uploads\/2026\/02\/cropped-favicon-dore.jpg","contentUrl":"https:\/\/auraparis.org\/wp-content\/uploads\/2026\/02\/cropped-favicon-dore.jpg","width":190,"height":190,"caption":"L&#039;AURA Paris"},"image":{"@id":"https:\/\/auraparis.org\/#\/schema\/logo\/image\/"}}]}},"_links":{"self":[{"href":"https:\/\/auraparis.org\/fr\/wp-json\/wp\/v2\/locations\/534","targetHints":{"allow":["GET"]}}],"collection":[{"href":"https:\/\/auraparis.org\/fr\/wp-json\/wp\/v2\/locations"}],"about":[{"href":"https:\/\/auraparis.org\/fr\/wp-json\/wp\/v2\/types\/locations"}],"author":[{"embeddable":true,"href":"https:\/\/auraparis.org\/fr\/wp-json\/wp\/v2\/users\/5"}],"version-history":[{"count":31,"href":"https:\/\/auraparis.org\/fr\/wp-json\/wp\/v2\/locations\/534\/revisions"}],"predecessor-version":[{"id":3471,"href":"https:\/\/auraparis.org\/fr\/wp-json\/wp\/v2\/locations\/534\/revisions\/3471"}],"wp:featuredmedia":[{"embeddable":true,"href":"https:\/\/auraparis.org\/fr\/wp-json\/wp\/v2\/media\/1579"}],"wp:attachment":[{"href":"https:\/\/auraparis.org\/fr\/wp-json\/wp\/v2\/media?parent=534"}],"wp:term":[{"taxonomy":"location_category","embeddable":true,"href":"https:\/\/auraparis.org\/fr\/wp-json\/wp\/v2\/location_category?post=534"}],"curies":[{"name":"wp","href":"https:\/\/api.w.org\/{rel}","templated":true}]}}